{"id":1590,"date":"2021-10-21T10:42:30","date_gmt":"2021-10-21T08:42:30","guid":{"rendered":"https:\/\/trinter.desarrolloc2.com\/transport-maritim\/"},"modified":"2021-12-02T16:51:23","modified_gmt":"2021-12-02T15:51:23","slug":"transport-maritim","status":"publish","type":"page","link":"https:\/\/trinter.com\/ca\/transport-maritim\/","title":{"rendered":"Transport Mar\u00edtim"},"content":{"rendered":"<p>[et_pb_section fb_built=&#8221;1&#8243; _builder_version=&#8221;4.11.4&#8243; _module_preset=&#8221;default&#8221; custom_padding=&#8221;||50px||false|false&#8221; global_colors_info=&#8221;{}&#8221;][et_pb_row _builder_version=&#8221;4.11.4&#8243; _module_preset=&#8221;default&#8221; custom_padding=&#8221;||0px|||&#8221; global_colors_info=&#8221;{}&#8221;][et_pb_column type=&#8221;4_4&#8243; _builder_version=&#8221;4.11.4&#8243; _module_preset=&#8221;default&#8221; global_colors_info=&#8221;{}&#8221;][et_pb_text _builder_version=&#8221;4.11.4&#8243; _module_preset=&#8221;default&#8221; header_font=&#8221;|700|||||||&#8221; header_text_color=&#8221;#003979&#8243; header_font_size=&#8221;3.6vw&#8221; custom_margin=&#8221;0px|0px|0px|0px|false|false&#8221; custom_padding=&#8221;0px|0px|0px|0px|false|false&#8221; sticky_limit_bottom=&#8221;section&#8221; header_font_size_tablet=&#8221;6vw&#8221; header_font_size_phone=&#8221;12vw&#8221; header_font_size_last_edited=&#8221;on|tablet&#8221; global_colors_info=&#8221;{}&#8221;]<\/p>\n<h1>Transport Mar\u00edtim<\/h1>\n<p>[\/et_pb_text][et_pb_text ul_item_indent=&#8221;29px&#8221; _builder_version=&#8221;4.13.0&#8243; _module_preset=&#8221;default&#8221; header_2_font=&#8221;|700|||||||&#8221; header_2_text_color=&#8221;#003979&#8243; header_2_font_size=&#8221;28px&#8221; header_2_line_height=&#8221;1.4em&#8221; module_alignment=&#8221;center&#8221; custom_margin=&#8221;4px||10px||false|false&#8221; custom_margin_tablet=&#8221;20px||10px||false|false&#8221; custom_margin_phone=&#8221;&#8221; custom_margin_last_edited=&#8221;on|tablet&#8221; locked=&#8221;off&#8221; global_colors_info=&#8221;{}&#8221;]<\/p>\n<h2>La tranquil\u00b7litat d&#8217;estar en les millors mans <\/h2>\n<p>[\/et_pb_text][et_pb_divider color=&#8221;#C4A814&#8243; divider_weight=&#8221;6px&#8221; _builder_version=&#8221;4.10.8&#8243; _module_preset=&#8221;default&#8221; width=&#8221;200px&#8221; custom_margin=&#8221;||||false|false&#8221; locked=&#8221;off&#8221; global_colors_info=&#8221;{}&#8221;][\/et_pb_divider][\/et_pb_column][\/et_pb_row][et_pb_row column_structure=&#8221;3_5,2_5&#8243; _builder_version=&#8221;4.11.4&#8243; _module_preset=&#8221;default&#8221; custom_margin=&#8221;||||false|false&#8221; custom_padding=&#8221;||1px||false|false&#8221; global_colors_info=&#8221;{}&#8221;][et_pb_column type=&#8221;3_5&#8243; _builder_version=&#8221;4.11.4&#8243; _module_preset=&#8221;default&#8221; global_colors_info=&#8221;{}&#8221;][et_pb_text ul_item_indent=&#8221;29px&#8221; _builder_version=&#8221;4.13.0&#8243; _module_preset=&#8221;default&#8221; header_2_font=&#8221;|700|||||||&#8221; header_2_text_color=&#8221;#003979&#8243; header_2_font_size=&#8221;28px&#8221; header_2_line_height=&#8221;1.4em&#8221; module_alignment=&#8221;center&#8221; custom_margin=&#8221;||||false|false&#8221; custom_margin_tablet=&#8221;20px||10px||false|false&#8221; custom_margin_phone=&#8221;20px||10px||false|false&#8221; custom_margin_last_edited=&#8221;on|tablet&#8221; locked=&#8221;off&#8221; global_colors_info=&#8221;{}&#8221;]<\/p>\n<ul>\n<li>El nostre departament mar\u00edtim ofereix serveis d&#8217;agrupatge (<b>LCL<\/b>) i contenidor complet (<b>FCL<\/b>) .<\/li>\n<li>Ens adaptem a les necessitats dels nostres clients integrant el nostre servei mar\u00edtim a serveis de <i>cross docking<\/i>, consolidaci\u00f3 d&#8217;enviaments, distribuci\u00f3 nacional i altres serveis auxiliars en magatzem.<\/li>\n<li>Flota pr\u00f2pia de porta-contenidors<\/li>\n<li>Transport de medicaments per a consum hum\u00e0 segons normativa <b>GDP<\/b>.<\/li>\n<li>Hem desenvolupat aliances amb les principals navilieres mundials, obtenint unes condicions immillorables en la relaci\u00f3 entre qualitat en el servei i cost.<\/li>\n<li>La professionalitat, el comprom\u00eds i l&#8217;experi\u00e8ncia fan del departament mar\u00edtim un s\u00f2lid <i>partner<\/i> per als nostres clients i agents.<\/li>\n<\/ul>\n<p><b>M.C. TRINTER S.A.<\/b><span style=\"font-weight: 400;\"> \u00e9s agent en exclusiva per Barcelona del <\/span><b>WORLD FREIGHT GROUP <\/b><span style=\"font-weight: 400;\">(<\/span><a href=\"http:\/\/www.wf-group.com\" target=\"_blank\" rel=\"noopener\"><span style=\"font-weight: 400;\">www.wf-group.com<\/span><\/a><span style=\"font-weight: 400;\">), xarxa amb 30 anys d&#8217;hist\u00f2ria i pres\u00e8ncia en 5 continents. Aix\u00ed mateix, som agents en exclusiva per a Espanya de la xarxa <\/span><b>SSF 247 <\/b><span style=\"font-weight: 400;\">(<\/span><a href=\"http:\/\/www.aogfreight247.com\" target=\"_blank\" rel=\"noopener\"><span style=\"font-weight: 400;\">www.shipsparesfreight247.com<\/span><\/a><span style=\"font-weight: 400;\">) que ofereix servei de transport de parts i avituallaments per a vaixells a nivell mundials. Aix\u00f2 ens permet disposar una xarxa de m\u00e9s de 200 agents per a donar cobertura global. <\/span><\/p>\n<p><span style=\"font-weight: 400;\">Aix\u00ed mateix,<\/span> <b>M.C. TRINTER S.A<\/b><span style=\"font-weight: 400;\">. pertany al segell de Qualitat <\/span><b>PORT EFFICIENCY <\/b><span style=\"font-weight: 400;\">atorgat pel Port de Barcelona i sin\u00f2nim de garantia<\/span><b>.<\/b><span style=\"font-weight: 400;\">Anualment, multitud d&#8217;indicadors relacionats amb la qualitat en el servei i els nostres processos s\u00f3n auditats per experts professionals del Port de Barcelona.<\/span> <\/p>\n<p>[\/et_pb_text][\/et_pb_column][et_pb_column type=&#8221;2_5&#8243; _builder_version=&#8221;4.11.4&#8243; _module_preset=&#8221;default&#8221; custom_padding=&#8221;||||false|false&#8221; global_colors_info=&#8221;{}&#8221;][et_pb_image src=&#8221;https:\/\/trinter.com\/wp-content\/uploads\/2021\/11\/maritimo3-scaled.jpg&#8221; title_text=&#8221;mar\u00edtim3&#8243; _builder_version=&#8221;4.11.4&#8243; _module_preset=&#8221;default&#8221; custom_margin=&#8221;||||false|false&#8221; animation_style=&#8221;slide&#8221; animation_direction=&#8221;right&#8221; animation_delay=&#8221;500ms&#8221; animation_intensity_slide=&#8221;10%&#8221; global_colors_info=&#8221;{}&#8221;][\/et_pb_image][\/et_pb_column][\/et_pb_row][\/et_pb_section][et_pb_section fb_built=&#8221;1&#8243; _builder_version=&#8221;4.13.0&#8243; _module_preset=&#8221;default&#8221; background_enable_color=&#8221;off&#8221; background_image=&#8221;https:\/\/trinter.com\/wp-content\/uploads\/2021\/11\/cta-maritimo.jpg&#8221; background_blend=&#8221;multiply&#8221; custom_margin=&#8221;0px||0px||false|false&#8221; custom_padding=&#8221;0px||0px||false|false&#8221; global_colors_info=&#8221;{}&#8221;][et_pb_row custom_padding_last_edited=&#8221;on|phone&#8221; _builder_version=&#8221;4.11.3&#8243; _module_preset=&#8221;default&#8221; background_enable_color=&#8221;off&#8221; background_enable_image=&#8221;off&#8221; background_blend=&#8221;multiply&#8221; custom_margin=&#8221;||||false|false&#8221; custom_padding=&#8221;20vh||20vh||false|false&#8221; custom_padding_tablet=&#8221;&#8221; custom_padding_phone=&#8221;10vh||10vh||false|false&#8221; animation_style=&#8221;fade&#8221; global_colors_info=&#8221;{}&#8221;][et_pb_column type=&#8221;4_4&#8243; _builder_version=&#8221;4.11.3&#8243; _module_preset=&#8221;default&#8221; global_colors_info=&#8221;{}&#8221;][et_pb_text _builder_version=&#8221;4.13.0&#8243; _module_preset=&#8221;default&#8221; text_text_color=&#8221;#FFFFFF&#8221; text_font_size=&#8221;40px&#8221; text_line_height=&#8221;1.3em&#8221; custom_margin=&#8221;||0px||false|false&#8221; text_font_size_tablet=&#8221;&#8221; text_font_size_phone=&#8221;29px&#8221; text_font_size_last_edited=&#8221;on|phone&#8221; global_colors_info=&#8221;{}&#8221;]<\/p>\n<p>FLEXIBILITAT \u2013 PROFESSIONALITAT \u2013 SOLIDESA<\/p>\n<p>[\/et_pb_text][et_pb_text _builder_version=&#8221;4.13.0&#8243; _module_preset=&#8221;default&#8221; text_text_color=&#8221;#FFFFFF&#8221; text_font_size=&#8221;28px&#8221; text_line_height=&#8221;1.3em&#8221; custom_margin=&#8221;||40px||false|false&#8221; text_font_size_tablet=&#8221;&#8221; text_font_size_phone=&#8221;29px&#8221; text_font_size_last_edited=&#8221;on|phone&#8221; global_colors_info=&#8221;{}&#8221;]<\/p>\n<p><span class=\"dorado\">Vols contactar amb M.C. TRINTER S.A.? <\/span><br \/>Escriu-nos per a qualsevol dubte o consulta<\/p>\n<p>[\/et_pb_text][et_pb_divider color=&#8221;#C4A814&#8243; divider_weight=&#8221;6px&#8221; _builder_version=&#8221;4.10.8&#8243; _module_preset=&#8221;default&#8221; width=&#8221;200px&#8221; custom_margin=&#8221;||||false|false&#8221; global_colors_info=&#8221;{}&#8221;][\/et_pb_divider][et_pb_button button_url=&#8221;https:\/\/trinter.com\/ca\/contactar\/&#8221; button_text=&#8221;CONTACTA&#8217;NS&#8221; _builder_version=&#8221;4.11.3&#8243; _module_preset=&#8221;default&#8221; custom_button=&#8221;on&#8221; button_text_color=&#8221;#003979&#8243; button_bg_color=&#8221;#FFFFFF&#8221; button_border_color=&#8221;#FFFFFF&#8221; button_use_icon=&#8221;off&#8221; custom_margin=&#8221;3px||||false|false&#8221; custom_padding=&#8221;||||false|false&#8221; global_colors_info=&#8221;{}&#8221; button_bg_color__hover_enabled=&#8221;on|hover&#8221; button_bg_color__hover=&#8221;#eeeeee&#8221; button_bg_enable_color__hover=&#8221;on&#8221; button_border_color__hover_enabled=&#8221;on|hover&#8221; button_border_color__hover=&#8221;#eeeeee&#8221;][\/et_pb_button][\/et_pb_column][\/et_pb_row][\/et_pb_section]<\/p>\n","protected":false},"excerpt":{"rendered":"<p>Transport Mar\u00edtimLa tranquil\u00b7litat d&#8217;estar en les millors mans El nostre departament mar\u00edtim ofereix serveis d&#8217;agrupatge (LCL) i contenidor complet (FCL) . Ens adaptem a les necessitats dels nostres clients integrant el nostre servei mar\u00edtim a serveis de cross docking, consolidaci\u00f3 d&#8217;enviaments, distribuci\u00f3 nacional i altres serveis auxiliars en magatzem. Flota pr\u00f2pia de porta-contenidors Transport de [&hellip;]<\/p>\n","protected":false},"author":4,"featured_media":1415,"parent":0,"menu_order":0,"comment_status":"closed","ping_status":"closed","template":"","meta":{"_et_pb_use_builder":"on","_et_pb_old_content":"","_et_gb_content_width":"","footnotes":""},"class_list":["post-1590","page","type-page","status-publish","has-post-thumbnail","hentry"],"yoast_head":"<!-- This site is optimized with the Yoast SEO plugin v25.4 - https:\/\/yoast.com\/wordpress\/plugins\/seo\/ -->\n<title>Transport Mar\u00edtim - M. C. Trinter<\/title>\n<meta name=\"robots\" content=\"index, follow, max-snippet:-1, max-image-preview:large, max-video-preview:-1\" \/>\n<link rel=\"canonical\" href=\"https:\/\/trinter.com\/ca\/transport-maritim\/\" \/>\n<meta property=\"og:locale\" content=\"ca_ES\" \/>\n<meta property=\"og:type\" content=\"article\" \/>\n<meta property=\"og:title\" content=\"Transport Mar\u00edtim - M. C. Trinter\" \/>\n<meta property=\"og:description\" content=\"Transport Mar\u00edtimLa tranquil\u00b7litat d&#039;estar en les millors mans El nostre departament mar\u00edtim ofereix serveis d&#039;agrupatge (LCL) i contenidor complet (FCL) . Ens adaptem a les necessitats dels nostres clients integrant el nostre servei mar\u00edtim a serveis de cross docking, consolidaci\u00f3 d&#039;enviaments, distribuci\u00f3 nacional i altres serveis auxiliars en magatzem. Flota pr\u00f2pia de porta-contenidors Transport de [&hellip;]\" \/>\n<meta property=\"og:url\" content=\"https:\/\/trinter.com\/ca\/transport-maritim\/\" \/>\n<meta property=\"og:site_name\" content=\"M. C. Trinter\" \/>\n<meta property=\"article:modified_time\" content=\"2021-12-02T15:51:23+00:00\" \/>\n<meta property=\"og:image\" content=\"https:\/\/trinter.com\/wp-content\/uploads\/2021\/11\/maritimo3-scaled.jpg\" \/>\n\t<meta property=\"og:image:width\" content=\"2560\" \/>\n\t<meta property=\"og:image:height\" content=\"1709\" \/>\n\t<meta property=\"og:image:type\" content=\"image\/jpeg\" \/>\n<meta name=\"twitter:card\" content=\"summary_large_image\" \/>\n<meta name=\"twitter:label1\" content=\"Temps estimat de lectura\" \/>\n\t<meta name=\"twitter:data1\" content=\"5 minuts\" \/>\n<script type=\"application\/ld+json\" class=\"yoast-schema-graph\">{\"@context\":\"https:\/\/schema.org\",\"@graph\":[{\"@type\":\"WebPage\",\"@id\":\"https:\/\/trinter.com\/ca\/transport-maritim\/\",\"url\":\"https:\/\/trinter.com\/ca\/transport-maritim\/\",\"name\":\"Transport Mar\u00edtim - M. C. Trinter\",\"isPartOf\":{\"@id\":\"https:\/\/trinter.com\/ca\/#website\"},\"primaryImageOfPage\":{\"@id\":\"https:\/\/trinter.com\/ca\/transport-maritim\/#primaryimage\"},\"image\":{\"@id\":\"https:\/\/trinter.com\/ca\/transport-maritim\/#primaryimage\"},\"thumbnailUrl\":\"https:\/\/trinter.com\/wp-content\/uploads\/2021\/11\/maritimo3-scaled.jpg\",\"datePublished\":\"2021-10-21T08:42:30+00:00\",\"dateModified\":\"2021-12-02T15:51:23+00:00\",\"breadcrumb\":{\"@id\":\"https:\/\/trinter.com\/ca\/transport-maritim\/#breadcrumb\"},\"inLanguage\":\"ca\",\"potentialAction\":[{\"@type\":\"ReadAction\",\"target\":[\"https:\/\/trinter.com\/ca\/transport-maritim\/\"]}]},{\"@type\":\"ImageObject\",\"inLanguage\":\"ca\",\"@id\":\"https:\/\/trinter.com\/ca\/transport-maritim\/#primaryimage\",\"url\":\"https:\/\/trinter.com\/wp-content\/uploads\/2021\/11\/maritimo3-scaled.jpg\",\"contentUrl\":\"https:\/\/trinter.com\/wp-content\/uploads\/2021\/11\/maritimo3-scaled.jpg\",\"width\":2560,\"height\":1709},{\"@type\":\"BreadcrumbList\",\"@id\":\"https:\/\/trinter.com\/ca\/transport-maritim\/#breadcrumb\",\"itemListElement\":[{\"@type\":\"ListItem\",\"position\":1,\"name\":\"Portada\",\"item\":\"https:\/\/trinter.com\/ca\/inici\/\"},{\"@type\":\"ListItem\",\"position\":2,\"name\":\"Transport Mar\u00edtim\"}]},{\"@type\":\"WebSite\",\"@id\":\"https:\/\/trinter.com\/ca\/#website\",\"url\":\"https:\/\/trinter.com\/ca\/\",\"name\":\"M. C. Trinter\",\"description\":\"L\u00cdDERES EN LOG\u00cdSTICA INTEGRAL Y TRANSPORTES INTERNACIONALES\",\"potentialAction\":[{\"@type\":\"SearchAction\",\"target\":{\"@type\":\"EntryPoint\",\"urlTemplate\":\"https:\/\/trinter.com\/ca\/?s={search_term_string}\"},\"query-input\":{\"@type\":\"PropertyValueSpecification\",\"valueRequired\":true,\"valueName\":\"search_term_string\"}}],\"inLanguage\":\"ca\"}]}<\/script>\n<!-- \/ Yoast SEO plugin. -->","yoast_head_json":{"title":"Transport Mar\u00edtim - M. C. Trinter","robots":{"index":"index","follow":"follow","max-snippet":"max-snippet:-1","max-image-preview":"max-image-preview:large","max-video-preview":"max-video-preview:-1"},"canonical":"https:\/\/trinter.com\/ca\/transport-maritim\/","og_locale":"ca_ES","og_type":"article","og_title":"Transport Mar\u00edtim - M. C. Trinter","og_description":"Transport Mar\u00edtimLa tranquil\u00b7litat d'estar en les millors mans El nostre departament mar\u00edtim ofereix serveis d'agrupatge (LCL) i contenidor complet (FCL) . Ens adaptem a les necessitats dels nostres clients integrant el nostre servei mar\u00edtim a serveis de cross docking, consolidaci\u00f3 d'enviaments, distribuci\u00f3 nacional i altres serveis auxiliars en magatzem. Flota pr\u00f2pia de porta-contenidors Transport de [&hellip;]","og_url":"https:\/\/trinter.com\/ca\/transport-maritim\/","og_site_name":"M. C. Trinter","article_modified_time":"2021-12-02T15:51:23+00:00","og_image":[{"width":2560,"height":1709,"url":"https:\/\/trinter.com\/wp-content\/uploads\/2021\/11\/maritimo3-scaled.jpg","type":"image\/jpeg"}],"twitter_card":"summary_large_image","twitter_misc":{"Temps estimat de lectura":"5 minuts"},"schema":{"@context":"https:\/\/schema.org","@graph":[{"@type":"WebPage","@id":"https:\/\/trinter.com\/ca\/transport-maritim\/","url":"https:\/\/trinter.com\/ca\/transport-maritim\/","name":"Transport Mar\u00edtim - M. C. Trinter","isPartOf":{"@id":"https:\/\/trinter.com\/ca\/#website"},"primaryImageOfPage":{"@id":"https:\/\/trinter.com\/ca\/transport-maritim\/#primaryimage"},"image":{"@id":"https:\/\/trinter.com\/ca\/transport-maritim\/#primaryimage"},"thumbnailUrl":"https:\/\/trinter.com\/wp-content\/uploads\/2021\/11\/maritimo3-scaled.jpg","datePublished":"2021-10-21T08:42:30+00:00","dateModified":"2021-12-02T15:51:23+00:00","breadcrumb":{"@id":"https:\/\/trinter.com\/ca\/transport-maritim\/#breadcrumb"},"inLanguage":"ca","potentialAction":[{"@type":"ReadAction","target":["https:\/\/trinter.com\/ca\/transport-maritim\/"]}]},{"@type":"ImageObject","inLanguage":"ca","@id":"https:\/\/trinter.com\/ca\/transport-maritim\/#primaryimage","url":"https:\/\/trinter.com\/wp-content\/uploads\/2021\/11\/maritimo3-scaled.jpg","contentUrl":"https:\/\/trinter.com\/wp-content\/uploads\/2021\/11\/maritimo3-scaled.jpg","width":2560,"height":1709},{"@type":"BreadcrumbList","@id":"https:\/\/trinter.com\/ca\/transport-maritim\/#breadcrumb","itemListElement":[{"@type":"ListItem","position":1,"name":"Portada","item":"https:\/\/trinter.com\/ca\/inici\/"},{"@type":"ListItem","position":2,"name":"Transport Mar\u00edtim"}]},{"@type":"WebSite","@id":"https:\/\/trinter.com\/ca\/#website","url":"https:\/\/trinter.com\/ca\/","name":"M. C. Trinter","description":"L\u00cdDERES EN LOG\u00cdSTICA INTEGRAL Y TRANSPORTES INTERNACIONALES","potentialAction":[{"@type":"SearchAction","target":{"@type":"EntryPoint","urlTemplate":"https:\/\/trinter.com\/ca\/?s={search_term_string}"},"query-input":{"@type":"PropertyValueSpecification","valueRequired":true,"valueName":"search_term_string"}}],"inLanguage":"ca"}]}},"_links":{"self":[{"href":"https:\/\/trinter.com\/ca\/wp-json\/wp\/v2\/pages\/1590","targetHints":{"allow":["GET"]}}],"collection":[{"href":"https:\/\/trinter.com\/ca\/wp-json\/wp\/v2\/pages"}],"about":[{"href":"https:\/\/trinter.com\/ca\/wp-json\/wp\/v2\/types\/page"}],"author":[{"embeddable":true,"href":"https:\/\/trinter.com\/ca\/wp-json\/wp\/v2\/users\/4"}],"replies":[{"embeddable":true,"href":"https:\/\/trinter.com\/ca\/wp-json\/wp\/v2\/comments?post=1590"}],"version-history":[{"count":0,"href":"https:\/\/trinter.com\/ca\/wp-json\/wp\/v2\/pages\/1590\/revisions"}],"wp:featuredmedia":[{"embeddable":true,"href":"https:\/\/trinter.com\/ca\/wp-json\/wp\/v2\/media\/1415"}],"wp:attachment":[{"href":"https:\/\/trinter.com\/ca\/wp-json\/wp\/v2\/media?parent=1590"}],"curies":[{"name":"wp","href":"https:\/\/api.w.org\/{rel}","templated":true}]}}