{"id":1572,"date":"2021-10-21T10:43:10","date_gmt":"2021-10-21T08:43:10","guid":{"rendered":"https:\/\/trinter.desarrolloc2.com\/logistica-i-distribucio\/"},"modified":"2021-11-24T14:35:11","modified_gmt":"2021-11-24T13:35:11","slug":"logistica-i-distribucio","status":"publish","type":"page","link":"https:\/\/trinter.com\/ca\/logistica-i-distribucio\/","title":{"rendered":"Log\u00edstica i Distribuci\u00f3"},"content":{"rendered":"<p>[et_pb_section fb_built=&#8221;1&#8243; _builder_version=&#8221;4.11.4&#8243; _module_preset=&#8221;default&#8221; custom_padding=&#8221;||50px||false|false&#8221; global_colors_info=&#8221;{}&#8221;][et_pb_row _builder_version=&#8221;4.11.4&#8243; _module_preset=&#8221;default&#8221; custom_padding=&#8221;||0px|||&#8221; global_colors_info=&#8221;{}&#8221;][et_pb_column type=&#8221;4_4&#8243; _builder_version=&#8221;4.11.4&#8243; _module_preset=&#8221;default&#8221; global_colors_info=&#8221;{}&#8221;][et_pb_text _builder_version=&#8221;4.11.4&#8243; _module_preset=&#8221;default&#8221; header_font=&#8221;|700|||||||&#8221; header_text_color=&#8221;#003979&#8243; header_font_size=&#8221;3.6vw&#8221; custom_margin=&#8221;0px|0px|0px|0px|false|false&#8221; custom_padding=&#8221;0px|0px|0px|0px|false|false&#8221; sticky_limit_bottom=&#8221;section&#8221; header_font_size_tablet=&#8221;6vw&#8221; header_font_size_phone=&#8221;12vw&#8221; header_font_size_last_edited=&#8221;on|tablet&#8221; global_colors_info=&#8221;{}&#8221;]<\/p>\n<h1>Log\u00edstica i distribuci\u00f3<\/h1>\n<p>[\/et_pb_text][et_pb_text ul_item_indent=&#8221;29px&#8221; _builder_version=&#8221;4.13.0&#8243; _module_preset=&#8221;default&#8221; header_2_font=&#8221;|700|||||||&#8221; header_2_text_color=&#8221;#003979&#8243; header_2_font_size=&#8221;28px&#8221; header_2_line_height=&#8221;1.4em&#8221; module_alignment=&#8221;center&#8221; custom_margin=&#8221;4px||10px||false|false&#8221; custom_margin_tablet=&#8221;20px||10px||false|false&#8221; custom_margin_phone=&#8221;&#8221; custom_margin_last_edited=&#8221;on|tablet&#8221; locked=&#8221;off&#8221; global_colors_info=&#8221;{}&#8221;]<\/p>\n<h2>La tranquil\u00b7litat d&#8217;estar en les millors mans <\/h2>\n<p>[\/et_pb_text][et_pb_divider color=&#8221;#C4A814&#8243; divider_weight=&#8221;6px&#8221; _builder_version=&#8221;4.10.8&#8243; _module_preset=&#8221;default&#8221; width=&#8221;200px&#8221; custom_margin=&#8221;||||false|false&#8221; locked=&#8221;off&#8221; global_colors_info=&#8221;{}&#8221;][\/et_pb_divider][\/et_pb_column][\/et_pb_row][et_pb_row column_structure=&#8221;3_5,2_5&#8243; _builder_version=&#8221;4.11.4&#8243; _module_preset=&#8221;default&#8221; custom_margin=&#8221;||||false|false&#8221; custom_padding=&#8221;||1px||false|false&#8221; global_colors_info=&#8221;{}&#8221;][et_pb_column type=&#8221;3_5&#8243; _builder_version=&#8221;4.11.4&#8243; _module_preset=&#8221;default&#8221; global_colors_info=&#8221;{}&#8221;][et_pb_text ul_item_indent=&#8221;29px&#8221; _builder_version=&#8221;4.13.0&#8243; _module_preset=&#8221;default&#8221; header_2_font=&#8221;|700|||||||&#8221; header_2_text_color=&#8221;#003979&#8243; header_2_font_size=&#8221;28px&#8221; header_2_line_height=&#8221;1.4em&#8221; module_alignment=&#8221;center&#8221; custom_margin=&#8221;||||false|false&#8221; custom_margin_tablet=&#8221;20px||10px||false|false&#8221; custom_margin_phone=&#8221;20px||10px||false|false&#8221; custom_margin_last_edited=&#8221;on|tablet&#8221; locked=&#8221;off&#8221; global_colors_info=&#8221;{}&#8221;]<\/p>\n<ul>\n<li style=\"font-weight: 400;\" aria-level=\"1\"><span style=\"font-weight: 400;\">6000 m\u00b2 d&#8217;instal\u00b7lacions equipades en la Zona d&#8217;Activitats Log\u00edstiques de Barcelona (ZAL). Situada a pocs metres del Port de Barcelona, i 10 quil\u00f2metres de l&#8217;Aeroport de Barcelona.<\/span><\/li>\n<li style=\"font-weight: 400;\" aria-level=\"1\"><span style=\"font-weight: 400;\">2000 m2 en Coslada, Madrid.<\/span><\/li>\n<\/ul>\n<ul>\n<li style=\"font-weight: 400;\" aria-level=\"1\"><span style=\"font-weight: 400;\">Les nostres instal\u00b7lacions estan preparades per a emmagatzemar i distribuir tot tipus de mercaderies.<\/span><\/li>\n<li style=\"font-weight: 400;\" aria-level=\"1\"><span style=\"font-weight: 400;\">Especialistes en gesti\u00f3 de magatzems multiclient i magatzems dedicats.<\/span><\/li>\n<li style=\"font-weight: 400;\" aria-level=\"1\"><span style=\"font-weight: 400;\">Cross Docking.<\/span><\/li>\n<li style=\"font-weight: 400;\" aria-level=\"1\"><span style=\"font-weight: 400;\">Picking.<\/span><\/li>\n<li style=\"font-weight: 400;\" aria-level=\"1\"><span style=\"font-weight: 400;\">Packing.<\/span><\/li>\n<li style=\"font-weight: 400;\" aria-level=\"1\"><span style=\"font-weight: 400;\">Log\u00edstica de vins.<\/span><\/li>\n<li style=\"font-weight: 400;\" aria-level=\"1\"><span style=\"font-weight: 400;\">Projectes especials.<\/span><\/li>\n<li style=\"font-weight: 400;\" aria-level=\"1\"><span style=\"font-weight: 400;\">Registre sanitari 40.09196\/CAT<\/span><\/li>\n<li style=\"font-weight: 400;\" aria-level=\"1\"><span style=\"font-weight: 400;\">Registre SANDACH ESP08601903.<\/span><\/li>\n<li style=\"font-weight: 400;\" aria-level=\"1\"><span style=\"font-weight: 400;\">Dip\u00f2sits duaners i fiscals.<\/span><\/li>\n<\/ul>\n<p>[\/et_pb_text][\/et_pb_column][et_pb_column type=&#8221;2_5&#8243; _builder_version=&#8221;4.11.4&#8243; _module_preset=&#8221;default&#8221; custom_padding=&#8221;||||false|false&#8221; global_colors_info=&#8221;{}&#8221;][et_pb_image src=&#8221;https:\/\/trinter.com\/wp-content\/uploads\/2021\/11\/IMG_1678-scaled.jpeg&#8221; title_text=&#8221;IMG_1678&#8243; _builder_version=&#8221;4.11.4&#8243; _module_preset=&#8221;default&#8221; custom_margin=&#8221;||||false|false&#8221; animation_style=&#8221;slide&#8221; animation_direction=&#8221;right&#8221; animation_delay=&#8221;500ms&#8221; animation_intensity_slide=&#8221;10%&#8221; global_colors_info=&#8221;{}&#8221;][\/et_pb_image][\/et_pb_column][\/et_pb_row][\/et_pb_section][et_pb_section fb_built=&#8221;1&#8243; _builder_version=&#8221;4.13.0&#8243; _module_preset=&#8221;default&#8221; background_enable_color=&#8221;off&#8221; background_image=&#8221;https:\/\/trinter.com\/wp-content\/uploads\/2021\/11\/cta-logistica.jpg&#8221; background_blend=&#8221;multiply&#8221; custom_margin=&#8221;0px||0px||false|false&#8221; custom_padding=&#8221;0px||0px||false|false&#8221; global_colors_info=&#8221;{}&#8221;][et_pb_row custom_padding_last_edited=&#8221;on|phone&#8221; _builder_version=&#8221;4.11.3&#8243; _module_preset=&#8221;default&#8221; background_enable_color=&#8221;off&#8221; background_enable_image=&#8221;off&#8221; background_blend=&#8221;multiply&#8221; custom_margin=&#8221;||||false|false&#8221; custom_padding=&#8221;20vh||20vh||false|false&#8221; custom_padding_tablet=&#8221;&#8221; custom_padding_phone=&#8221;10vh||10vh||false|false&#8221; animation_style=&#8221;fade&#8221; global_colors_info=&#8221;{}&#8221;][et_pb_column type=&#8221;4_4&#8243; _builder_version=&#8221;4.11.3&#8243; _module_preset=&#8221;default&#8221; global_colors_info=&#8221;{}&#8221;][et_pb_text _builder_version=&#8221;4.13.0&#8243; _module_preset=&#8221;default&#8221; text_text_color=&#8221;#FFFFFF&#8221; text_font_size=&#8221;40px&#8221; text_line_height=&#8221;1.3em&#8221; custom_margin=&#8221;||0px||false|false&#8221; text_font_size_tablet=&#8221;&#8221; text_font_size_phone=&#8221;29px&#8221; text_font_size_last_edited=&#8221;on|phone&#8221; global_colors_info=&#8221;{}&#8221;]<\/p>\n<p>FLEXIBILITAT \u2013 PROFESSIONALITAT \u2013 SOLIDESA<\/p>\n<p>[\/et_pb_text][et_pb_text _builder_version=&#8221;4.13.0&#8243; _module_preset=&#8221;default&#8221; text_text_color=&#8221;#FFFFFF&#8221; text_font_size=&#8221;28px&#8221; text_line_height=&#8221;1.3em&#8221; custom_margin=&#8221;||40px||false|false&#8221; text_font_size_tablet=&#8221;&#8221; text_font_size_phone=&#8221;29px&#8221; text_font_size_last_edited=&#8221;on|phone&#8221; global_colors_info=&#8221;{}&#8221;]<\/p>\n<p><span class=\"dorado\">Vols contactar amb M.C. TRINTER S.A.? <\/span><br \/>Escriu-nos per a qualsevol dubte o consulta<\/p>\n<p>[\/et_pb_text][et_pb_divider color=&#8221;#C4A814&#8243; divider_weight=&#8221;6px&#8221; _builder_version=&#8221;4.10.8&#8243; _module_preset=&#8221;default&#8221; width=&#8221;200px&#8221; custom_margin=&#8221;||||false|false&#8221; global_colors_info=&#8221;{}&#8221;][\/et_pb_divider][et_pb_button button_url=&#8221;https:\/\/trinter.com\/ca\/contactar\/&#8221; button_text=&#8221;CONTACTA&#8217;NS&#8221; _builder_version=&#8221;4.11.3&#8243; _module_preset=&#8221;default&#8221; custom_button=&#8221;on&#8221; button_text_color=&#8221;#003979&#8243; button_bg_color=&#8221;#FFFFFF&#8221; button_border_color=&#8221;#FFFFFF&#8221; button_use_icon=&#8221;off&#8221; custom_margin=&#8221;3px||||false|false&#8221; custom_padding=&#8221;||||false|false&#8221; global_colors_info=&#8221;{}&#8221; button_bg_color__hover_enabled=&#8221;on|hover&#8221; button_bg_color__hover=&#8221;#eeeeee&#8221; button_bg_enable_color__hover=&#8221;on&#8221; button_border_color__hover_enabled=&#8221;on|hover&#8221; button_border_color__hover=&#8221;#eeeeee&#8221;][\/et_pb_button][\/et_pb_column][\/et_pb_row][\/et_pb_section]<\/p>\n","protected":false},"excerpt":{"rendered":"<p>Log\u00edstica i distribuci\u00f3La tranquil\u00b7litat d&#8217;estar en les millors mans 6000 m\u00b2 d&#8217;instal\u00b7lacions equipades en la Zona d&#8217;Activitats Log\u00edstiques de Barcelona (ZAL). Situada a pocs metres del Port de Barcelona, i 10 quil\u00f2metres de l&#8217;Aeroport de Barcelona. 2000 m2 en Coslada, Madrid. Les nostres instal\u00b7lacions estan preparades per a emmagatzemar i distribuir tot tipus de mercaderies. [&hellip;]<\/p>\n","protected":false},"author":4,"featured_media":1416,"parent":0,"menu_order":0,"comment_status":"closed","ping_status":"closed","template":"","meta":{"_et_pb_use_builder":"on","_et_pb_old_content":"","_et_gb_content_width":"","footnotes":""},"class_list":["post-1572","page","type-page","status-publish","has-post-thumbnail","hentry"],"yoast_head":"<!-- This site is optimized with the Yoast SEO plugin v25.4 - https:\/\/yoast.com\/wordpress\/plugins\/seo\/ -->\n<title>Log\u00edstica i Distribuci\u00f3 - M. C. Trinter<\/title>\n<meta name=\"robots\" content=\"index, follow, max-snippet:-1, max-image-preview:large, max-video-preview:-1\" \/>\n<link rel=\"canonical\" href=\"https:\/\/trinter.com\/ca\/logistica-i-distribucio\/\" \/>\n<meta property=\"og:locale\" content=\"ca_ES\" \/>\n<meta property=\"og:type\" content=\"article\" \/>\n<meta property=\"og:title\" content=\"Log\u00edstica i Distribuci\u00f3 - M. C. Trinter\" \/>\n<meta property=\"og:description\" content=\"Log\u00edstica i distribuci\u00f3La tranquil\u00b7litat d&#039;estar en les millors mans 6000 m\u00b2 d&#039;instal\u00b7lacions equipades en la Zona d&#039;Activitats Log\u00edstiques de Barcelona (ZAL). Situada a pocs metres del Port de Barcelona, i 10 quil\u00f2metres de l&#039;Aeroport de Barcelona. 2000 m2 en Coslada, Madrid. Les nostres instal\u00b7lacions estan preparades per a emmagatzemar i distribuir tot tipus de mercaderies. [&hellip;]\" \/>\n<meta property=\"og:url\" content=\"https:\/\/trinter.com\/ca\/logistica-i-distribucio\/\" \/>\n<meta property=\"og:site_name\" content=\"M. C. Trinter\" \/>\n<meta property=\"article:modified_time\" content=\"2021-11-24T13:35:11+00:00\" \/>\n<meta property=\"og:image\" content=\"https:\/\/trinter.com\/wp-content\/uploads\/2021\/11\/IMG_1678-scaled.jpeg\" \/>\n\t<meta property=\"og:image:width\" content=\"2560\" \/>\n\t<meta property=\"og:image:height\" content=\"1920\" \/>\n\t<meta property=\"og:image:type\" content=\"image\/jpeg\" \/>\n<meta name=\"twitter:card\" content=\"summary_large_image\" \/>\n<meta name=\"twitter:label1\" content=\"Temps estimat de lectura\" \/>\n\t<meta name=\"twitter:data1\" content=\"4 minuts\" \/>\n<script type=\"application\/ld+json\" class=\"yoast-schema-graph\">{\"@context\":\"https:\/\/schema.org\",\"@graph\":[{\"@type\":\"WebPage\",\"@id\":\"https:\/\/trinter.com\/ca\/logistica-i-distribucio\/\",\"url\":\"https:\/\/trinter.com\/ca\/logistica-i-distribucio\/\",\"name\":\"Log\u00edstica i Distribuci\u00f3 - M. C. Trinter\",\"isPartOf\":{\"@id\":\"https:\/\/trinter.com\/ca\/#website\"},\"primaryImageOfPage\":{\"@id\":\"https:\/\/trinter.com\/ca\/logistica-i-distribucio\/#primaryimage\"},\"image\":{\"@id\":\"https:\/\/trinter.com\/ca\/logistica-i-distribucio\/#primaryimage\"},\"thumbnailUrl\":\"https:\/\/trinter.com\/wp-content\/uploads\/2021\/11\/IMG_1678-scaled.jpeg\",\"datePublished\":\"2021-10-21T08:43:10+00:00\",\"dateModified\":\"2021-11-24T13:35:11+00:00\",\"breadcrumb\":{\"@id\":\"https:\/\/trinter.com\/ca\/logistica-i-distribucio\/#breadcrumb\"},\"inLanguage\":\"ca\",\"potentialAction\":[{\"@type\":\"ReadAction\",\"target\":[\"https:\/\/trinter.com\/ca\/logistica-i-distribucio\/\"]}]},{\"@type\":\"ImageObject\",\"inLanguage\":\"ca\",\"@id\":\"https:\/\/trinter.com\/ca\/logistica-i-distribucio\/#primaryimage\",\"url\":\"https:\/\/trinter.com\/wp-content\/uploads\/2021\/11\/IMG_1678-scaled.jpeg\",\"contentUrl\":\"https:\/\/trinter.com\/wp-content\/uploads\/2021\/11\/IMG_1678-scaled.jpeg\",\"width\":2560,\"height\":1920},{\"@type\":\"BreadcrumbList\",\"@id\":\"https:\/\/trinter.com\/ca\/logistica-i-distribucio\/#breadcrumb\",\"itemListElement\":[{\"@type\":\"ListItem\",\"position\":1,\"name\":\"Portada\",\"item\":\"https:\/\/trinter.com\/ca\/inici\/\"},{\"@type\":\"ListItem\",\"position\":2,\"name\":\"Log\u00edstica i Distribuci\u00f3\"}]},{\"@type\":\"WebSite\",\"@id\":\"https:\/\/trinter.com\/ca\/#website\",\"url\":\"https:\/\/trinter.com\/ca\/\",\"name\":\"M. C. Trinter\",\"description\":\"L\u00cdDERES EN LOG\u00cdSTICA INTEGRAL Y TRANSPORTES INTERNACIONALES\",\"potentialAction\":[{\"@type\":\"SearchAction\",\"target\":{\"@type\":\"EntryPoint\",\"urlTemplate\":\"https:\/\/trinter.com\/ca\/?s={search_term_string}\"},\"query-input\":{\"@type\":\"PropertyValueSpecification\",\"valueRequired\":true,\"valueName\":\"search_term_string\"}}],\"inLanguage\":\"ca\"}]}<\/script>\n<!-- \/ Yoast SEO plugin. -->","yoast_head_json":{"title":"Log\u00edstica i Distribuci\u00f3 - M. C. Trinter","robots":{"index":"index","follow":"follow","max-snippet":"max-snippet:-1","max-image-preview":"max-image-preview:large","max-video-preview":"max-video-preview:-1"},"canonical":"https:\/\/trinter.com\/ca\/logistica-i-distribucio\/","og_locale":"ca_ES","og_type":"article","og_title":"Log\u00edstica i Distribuci\u00f3 - M. C. Trinter","og_description":"Log\u00edstica i distribuci\u00f3La tranquil\u00b7litat d'estar en les millors mans 6000 m\u00b2 d'instal\u00b7lacions equipades en la Zona d'Activitats Log\u00edstiques de Barcelona (ZAL). Situada a pocs metres del Port de Barcelona, i 10 quil\u00f2metres de l'Aeroport de Barcelona. 2000 m2 en Coslada, Madrid. Les nostres instal\u00b7lacions estan preparades per a emmagatzemar i distribuir tot tipus de mercaderies. [&hellip;]","og_url":"https:\/\/trinter.com\/ca\/logistica-i-distribucio\/","og_site_name":"M. C. Trinter","article_modified_time":"2021-11-24T13:35:11+00:00","og_image":[{"width":2560,"height":1920,"url":"https:\/\/trinter.com\/wp-content\/uploads\/2021\/11\/IMG_1678-scaled.jpeg","type":"image\/jpeg"}],"twitter_card":"summary_large_image","twitter_misc":{"Temps estimat de lectura":"4 minuts"},"schema":{"@context":"https:\/\/schema.org","@graph":[{"@type":"WebPage","@id":"https:\/\/trinter.com\/ca\/logistica-i-distribucio\/","url":"https:\/\/trinter.com\/ca\/logistica-i-distribucio\/","name":"Log\u00edstica i Distribuci\u00f3 - M. C. Trinter","isPartOf":{"@id":"https:\/\/trinter.com\/ca\/#website"},"primaryImageOfPage":{"@id":"https:\/\/trinter.com\/ca\/logistica-i-distribucio\/#primaryimage"},"image":{"@id":"https:\/\/trinter.com\/ca\/logistica-i-distribucio\/#primaryimage"},"thumbnailUrl":"https:\/\/trinter.com\/wp-content\/uploads\/2021\/11\/IMG_1678-scaled.jpeg","datePublished":"2021-10-21T08:43:10+00:00","dateModified":"2021-11-24T13:35:11+00:00","breadcrumb":{"@id":"https:\/\/trinter.com\/ca\/logistica-i-distribucio\/#breadcrumb"},"inLanguage":"ca","potentialAction":[{"@type":"ReadAction","target":["https:\/\/trinter.com\/ca\/logistica-i-distribucio\/"]}]},{"@type":"ImageObject","inLanguage":"ca","@id":"https:\/\/trinter.com\/ca\/logistica-i-distribucio\/#primaryimage","url":"https:\/\/trinter.com\/wp-content\/uploads\/2021\/11\/IMG_1678-scaled.jpeg","contentUrl":"https:\/\/trinter.com\/wp-content\/uploads\/2021\/11\/IMG_1678-scaled.jpeg","width":2560,"height":1920},{"@type":"BreadcrumbList","@id":"https:\/\/trinter.com\/ca\/logistica-i-distribucio\/#breadcrumb","itemListElement":[{"@type":"ListItem","position":1,"name":"Portada","item":"https:\/\/trinter.com\/ca\/inici\/"},{"@type":"ListItem","position":2,"name":"Log\u00edstica i Distribuci\u00f3"}]},{"@type":"WebSite","@id":"https:\/\/trinter.com\/ca\/#website","url":"https:\/\/trinter.com\/ca\/","name":"M. C. Trinter","description":"L\u00cdDERES EN LOG\u00cdSTICA INTEGRAL Y TRANSPORTES INTERNACIONALES","potentialAction":[{"@type":"SearchAction","target":{"@type":"EntryPoint","urlTemplate":"https:\/\/trinter.com\/ca\/?s={search_term_string}"},"query-input":{"@type":"PropertyValueSpecification","valueRequired":true,"valueName":"search_term_string"}}],"inLanguage":"ca"}]}},"_links":{"self":[{"href":"https:\/\/trinter.com\/ca\/wp-json\/wp\/v2\/pages\/1572","targetHints":{"allow":["GET"]}}],"collection":[{"href":"https:\/\/trinter.com\/ca\/wp-json\/wp\/v2\/pages"}],"about":[{"href":"https:\/\/trinter.com\/ca\/wp-json\/wp\/v2\/types\/page"}],"author":[{"embeddable":true,"href":"https:\/\/trinter.com\/ca\/wp-json\/wp\/v2\/users\/4"}],"replies":[{"embeddable":true,"href":"https:\/\/trinter.com\/ca\/wp-json\/wp\/v2\/comments?post=1572"}],"version-history":[{"count":0,"href":"https:\/\/trinter.com\/ca\/wp-json\/wp\/v2\/pages\/1572\/revisions"}],"wp:featuredmedia":[{"embeddable":true,"href":"https:\/\/trinter.com\/ca\/wp-json\/wp\/v2\/media\/1416"}],"wp:attachment":[{"href":"https:\/\/trinter.com\/ca\/wp-json\/wp\/v2\/media?parent=1572"}],"curies":[{"name":"wp","href":"https:\/\/api.w.org\/{rel}","templated":true}]}}